{"id":189,"date":"2022-05-07T17:49:12","date_gmt":"2022-05-07T15:49:12","guid":{"rendered":"https:\/\/pompesfunebrestoulon.com\/la-valette\/?page_id=189"},"modified":"2022-05-07T17:54:04","modified_gmt":"2022-05-07T15:54:04","slug":"nous-choisir-pompes-funebres-de-france-la-valette-du-var","status":"publish","type":"page","link":"https:\/\/pompesfunebrestoulon.com\/la-valette\/nous-choisir-pompes-funebres-de-france-la-valette-du-var\/","title":{"rendered":"NOUS CHOISIR"},"content":{"rendered":"\n    \n    <section class=\"u-align-center u-clearfix u-section-2\" id=\"sec-5e64\">\n      <div class=\"u-clearfix u-sheet u-sheet-1\">\n        <h1 class=\"u-custom-font u-heading-font u-text u-text-1\">Nous choisir<\/h1>\n        <div class=\"u-border-7 u-border-palette-2-base u-line u-line-horizontal u-line-1\"><\/div>\n        <p class=\"u-text u-text-2\">Le choix de l'entreprise de pompes fun\u00e8bres qui assurera l'ensemble des op\u00e9rations est important.<br>Votre interlocuteur est proche de vous il connait parfaitement les services \u00e0 mettre en oeuvre pour vous assurer une tranquillit\u00e9 dans ces difficiles moments.\n        <\/p>\n        <div class=\"u-clearfix u-expanded-width u-gutter-0 u-layout-wrap u-layout-wrap-1\">\n          <div class=\"u-gutter-0 u-layout\">\n            <div class=\"u-layout-row\">\n              <div class=\"u-size-23 u-size-30-md\">\n                <div class=\"u-layout-col\">\n                  <div class=\"u-align-left-sm u-align-left-xs u-align-right-lg u-align-right-md u-align-right-xl u-container-style u-layout-cell u-left-cell u-size-20 u-layout-cell-1\">\n                    <div class=\"u-container-layout u-container-layout-1\">\n                      <h3 class=\"u-text u-text-3\">Pourquoi nous choisir ?<\/h3>\n                      <p class=\"u-custom-font u-text u-text-font u-text-grey-50 u-text-4\">Install\u00e9 dans la commune d'abord sous le nom de Pompes fun\u00e8bres ABC et maintenant dans le r\u00e9seau Pompes fun\u00e8bres de France.<\/p>\n                    <\/div>\n                  <\/div>\n                  <div class=\"u-align-left-sm u-align-left-xs u-align-right-lg u-align-right-md u-align-right-xl u-container-style u-layout-cell u-left-cell u-size-20 u-layout-cell-2\">\n                    <div class=\"u-container-layout u-valign-top u-container-layout-2\">\n                      <h3 class=\"u-text u-text-5\">AGn\u00e8s bals<\/h3>\n                      <p class=\"u-text u-text-grey-50 u-text-6\">Conseiller fun\u00e9raire de niveau 6,&nbsp;Agn\u00e8s BALS sera en mesure de r\u00e9pondre \u00e0 toutes vos demandes.<br>Que cela concerne la c\u00e9r\u00e9monie fun\u00e9raire ou les formalit\u00e9s administratives propres \u00e0 la situation du d\u00e9funt ou alors les probl\u00e8mes techniques d'inhumation, une r\u00e9ponse pr\u00e9cise et adapt\u00e9e vous seras apport\u00e9e .\n                      <\/p>\n                    <\/div>\n                  <\/div>\n                  <div class=\"u-align-left-sm u-align-left-xs u-align-right-lg u-align-right-md u-align-right-xl u-container-style u-layout-cell u-left-cell u-size-20 u-layout-cell-3\">\n                    <div class=\"u-container-layout u-valign-top u-container-layout-3\">\n                      <h3 class=\"u-text u-text-7\">Soucieux de vos int\u00e9r\u00eat<\/h3>\n                      <p class=\"u-text u-text-grey-50 u-text-8\">Le co\u00fbt des obs\u00e8ques peut \u00eatre \u00e9lev\u00e9 en fonction du mode\nd'inhumation les Pompes fun\u00e8bres de France La Valette, veille \u00e0 vous proposer des prestations\naux meilleurs prix en fonction de vos souhaits.<br> Toutes sont op\u00e9r\u00e9s par le personnel des Pompes\nfun\u00e8bres de France La Valette.\n                      <\/p>\n                    <\/div>\n                  <\/div>\n                <\/div>\n              <\/div>\n              <div class=\"u-size-14 u-size-30-md\">\n                <div class=\"u-layout-row\">\n                  <div class=\"u-align-left u-container-style u-image u-layout-cell u-size-60 u-image-1\" data-image-width=\"91\" data-image-height=\"150\" style=\"background-image: url(&quot;https:\/\/pompesfunebrestoulon.com\/la-valette\/wp-content\/uploads\/sites\/2\/2022\/02\/15994814-0.png&quot;);\">\n                    <div class=\"u-container-layout u-valign-middle\" src=\"\"><\/div>\n                  <\/div>\n                <\/div>\n              <\/div>\n              <div class=\"u-size-23 u-size-60-md\">\n                <div class=\"u-layout-col\">\n                  <div class=\"u-align-left u-container-style u-layout-cell u-right-cell u-size-20 u-layout-cell-5\">\n                    <div class=\"u-container-layout u-valign-top u-container-layout-5\">\n                      <h3 class=\"u-text u-text-9\">Entreprise familliale<\/h3>\n                      <p class=\"u-text u-text-grey-50 u-text-10\">Entreprise familiale, nous veillons que vos d\u00e9penses soit en conformit\u00e9 avec la c\u00e9r\u00e9monie que vous avez choisi.<\/p>\n                    <\/div>\n                  <\/div>\n                  <div class=\"u-align-left u-container-style u-layout-cell u-right-cell u-size-20 u-layout-cell-6\">\n                    <div class=\"u-container-layout u-valign-top u-container-layout-6\">\n                      <h3 class=\"u-text u-text-11\">24 h sur 24 - 7j\/7<\/h3>\n                      <p class=\"u-text u-text-grey-50 u-text-12\">Nous assurons une permanence t\u00e9l\u00e9phonique 24h\/24 et 7j\/7 et vous garantissons un service de qualit\u00e9 respectueux de vos choix ou des volont\u00e9s du&nbsp;d\u00e9funt.<\/p>\n                    <\/div>\n                  <\/div>\n                  <div class=\"u-align-left u-container-style u-layout-cell u-right-cell u-size-20 u-layout-cell-7\">\n                    <div class=\"u-container-layout u-valign-top u-container-layout-7\">\n                      <h3 class=\"u-text u-text-13\">Notre d\u00e9marche<\/h3>\n                      <p class=\"u-text u-text-grey-50 u-text-14\">Cr\u00e9e en 1985 les&nbsp;pompes fun\u00e8bres de France La Valette, assurent les op\u00e9rations fun\u00e9raires dans la commune et dans toutes&nbsp; les communes voisines. L'esprit de l'entreprise, est le service de proximit\u00e9 .<\/p>\n                    <\/div>\n                  <\/div>\n                <\/div>\n              <\/div>\n            <\/div>\n          <\/div>\n        <\/div>\n      <\/div>\n    <\/section>\n    \n    \n    \n  \n","protected":false},"excerpt":{"rendered":"<p>Nous choisir Le choix de l&rsquo;entreprise de pompes fun\u00e8bres qui assurera l&rsquo;ensemble des op\u00e9rations est important.Votre interlocuteur est proche de vous il connait parfaitement les services \u00e0 mettre en oeuvre pour vous assurer une tranquillit\u00e9 dans ces difficiles moments. Pourquoi nous choisir ? Install\u00e9 dans la commune d&rsquo;abord sous le nom de Pompes fun\u00e8bres ABC &hellip; <a href=\"https:\/\/pompesfunebrestoulon.com\/la-valette\/nous-choisir-pompes-funebres-de-france-la-valette-du-var\/\" class=\"more-link\">Continue reading<span class=\"screen-reader-text\"> \u00ab\u00a0NOUS CHOISIR\u00a0\u00bb<\/span><\/a><\/p>\n","protected":false},"author":1,"featured_media":0,"parent":0,"menu_order":0,"comment_status":"closed","ping_status":"closed","template":"","meta":{"footnotes":""},"class_list":["post-189","page","type-page","status-publish","hentry"],"yoast_head":"<!-- This site is optimized with the Yoast SEO plugin v27.5 - https:\/\/yoast.com\/product\/yoast-seo-wordpress\/ -->\n<title>PF DE FRANCE - LA VALETTE - Pourquoi nous choisir ?<\/title>\n<meta name=\"description\" content=\"Entreprise familialle depuis plus de 40 ann\u00e9es Install\u00e9 dans la commune d&#039;abord sous le nom de Pompes fun\u00e8bres ABC et maintenant dans le r\u00e9seau Pompes fun\u00e8bres de France.\" \/>\n<meta name=\"robots\" content=\"index, follow, max-snippet:-1, max-image-preview:large, max-video-preview:-1\" \/>\n<link rel=\"canonical\" href=\"https:\/\/pompesfunebrestoulon.com\/la-valette\/nous-choisir-pompes-funebres-de-france-la-valette-du-var\/\" \/>\n<meta property=\"og:locale\" content=\"fr_FR\" \/>\n<meta property=\"og:type\" content=\"article\" \/>\n<meta property=\"og:title\" content=\"PF DE FRANCE - LA VALETTE - Pourquoi nous choisir ?\" \/>\n<meta property=\"og:description\" content=\"Entreprise familialle depuis plus de 40 ann\u00e9es Install\u00e9 dans la commune d&#039;abord sous le nom de Pompes fun\u00e8bres ABC et maintenant dans le r\u00e9seau Pompes fun\u00e8bres de France.\" \/>\n<meta property=\"og:url\" content=\"https:\/\/pompesfunebrestoulon.com\/la-valette\/nous-choisir-pompes-funebres-de-france-la-valette-du-var\/\" \/>\n<meta property=\"og:site_name\" content=\"PF DE FRANCE - LA VALETTE du VAR\" \/>\n<meta property=\"article:modified_time\" content=\"2022-05-07T15:54:04+00:00\" \/>\n<meta name=\"twitter:card\" content=\"summary_large_image\" \/>\n<meta name=\"twitter:label1\" content=\"Dur\u00e9e de lecture estim\u00e9e\" \/>\n\t<meta name=\"twitter:data1\" content=\"1 minute\" \/>\n<script type=\"application\/ld+json\" class=\"yoast-schema-graph\">{\"@context\":\"https:\\\/\\\/schema.org\",\"@graph\":[{\"@type\":\"WebPage\",\"@id\":\"https:\\\/\\\/pompesfunebrestoulon.com\\\/la-valette\\\/nous-choisir-pompes-funebres-de-france-la-valette-du-var\\\/\",\"url\":\"https:\\\/\\\/pompesfunebrestoulon.com\\\/la-valette\\\/nous-choisir-pompes-funebres-de-france-la-valette-du-var\\\/\",\"name\":\"PF DE FRANCE - LA VALETTE - Pourquoi nous choisir ?\",\"isPartOf\":{\"@id\":\"https:\\\/\\\/pompesfunebrestoulon.com\\\/la-valette\\\/#website\"},\"datePublished\":\"2022-05-07T15:49:12+00:00\",\"dateModified\":\"2022-05-07T15:54:04+00:00\",\"description\":\"Entreprise familialle depuis plus de 40 ann\u00e9es Install\u00e9 dans la commune d'abord sous le nom de Pompes fun\u00e8bres ABC et maintenant dans le r\u00e9seau Pompes fun\u00e8bres de France.\",\"breadcrumb\":{\"@id\":\"https:\\\/\\\/pompesfunebrestoulon.com\\\/la-valette\\\/nous-choisir-pompes-funebres-de-france-la-valette-du-var\\\/#breadcrumb\"},\"inLanguage\":\"fr-FR\",\"potentialAction\":[{\"@type\":\"ReadAction\",\"target\":[\"https:\\\/\\\/pompesfunebrestoulon.com\\\/la-valette\\\/nous-choisir-pompes-funebres-de-france-la-valette-du-var\\\/\"]}]},{\"@type\":\"BreadcrumbList\",\"@id\":\"https:\\\/\\\/pompesfunebrestoulon.com\\\/la-valette\\\/nous-choisir-pompes-funebres-de-france-la-valette-du-var\\\/#breadcrumb\",\"itemListElement\":[{\"@type\":\"ListItem\",\"position\":1,\"name\":\"Accueil\",\"item\":\"https:\\\/\\\/pompesfunebrestoulon.com\\\/la-valette\\\/\"},{\"@type\":\"ListItem\",\"position\":2,\"name\":\"NOUS CHOISIR\"}]},{\"@type\":\"WebSite\",\"@id\":\"https:\\\/\\\/pompesfunebrestoulon.com\\\/la-valette\\\/#website\",\"url\":\"https:\\\/\\\/pompesfunebrestoulon.com\\\/la-valette\\\/\",\"name\":\"PF DE FRANCE - LA VALETTE du VAR\",\"description\":\"Une entreprise familliale depuis 40 ans\",\"publisher\":{\"@id\":\"https:\\\/\\\/pompesfunebrestoulon.com\\\/la-valette\\\/#organization\"},\"potentialAction\":[{\"@type\":\"SearchAction\",\"target\":{\"@type\":\"EntryPoint\",\"urlTemplate\":\"https:\\\/\\\/pompesfunebrestoulon.com\\\/la-valette\\\/?s={search_term_string}\"},\"query-input\":{\"@type\":\"PropertyValueSpecification\",\"valueRequired\":true,\"valueName\":\"search_term_string\"}}],\"inLanguage\":\"fr-FR\"},{\"@type\":\"Organization\",\"@id\":\"https:\\\/\\\/pompesfunebrestoulon.com\\\/la-valette\\\/#organization\",\"name\":\"PF DE FRANCE - LA VALETTE du VAR\",\"url\":\"https:\\\/\\\/pompesfunebrestoulon.com\\\/la-valette\\\/\",\"logo\":{\"@type\":\"ImageObject\",\"inLanguage\":\"fr-FR\",\"@id\":\"https:\\\/\\\/pompesfunebrestoulon.com\\\/la-valette\\\/#\\\/schema\\\/logo\\\/image\\\/\",\"url\":\"https:\\\/\\\/pompesfunebrestoulon.com\\\/la-valette\\\/wp-content\\\/uploads\\\/sites\\\/2\\\/2022\\\/02\\\/logo.png\",\"contentUrl\":\"https:\\\/\\\/pompesfunebrestoulon.com\\\/la-valette\\\/wp-content\\\/uploads\\\/sites\\\/2\\\/2022\\\/02\\\/logo.png\",\"width\":209,\"height\":207,\"caption\":\"PF DE FRANCE - LA VALETTE du VAR\"},\"image\":{\"@id\":\"https:\\\/\\\/pompesfunebrestoulon.com\\\/la-valette\\\/#\\\/schema\\\/logo\\\/image\\\/\"}}]}<\/script>\n<!-- \/ Yoast SEO plugin. -->","yoast_head_json":{"title":"PF DE FRANCE - LA VALETTE - Pourquoi nous choisir ?","description":"Entreprise familialle depuis plus de 40 ann\u00e9es Install\u00e9 dans la commune d'abord sous le nom de Pompes fun\u00e8bres ABC et maintenant dans le r\u00e9seau Pompes fun\u00e8bres de France.","robots":{"index":"index","follow":"follow","max-snippet":"max-snippet:-1","max-image-preview":"max-image-preview:large","max-video-preview":"max-video-preview:-1"},"canonical":"https:\/\/pompesfunebrestoulon.com\/la-valette\/nous-choisir-pompes-funebres-de-france-la-valette-du-var\/","og_locale":"fr_FR","og_type":"article","og_title":"PF DE FRANCE - LA VALETTE - Pourquoi nous choisir ?","og_description":"Entreprise familialle depuis plus de 40 ann\u00e9es Install\u00e9 dans la commune d'abord sous le nom de Pompes fun\u00e8bres ABC et maintenant dans le r\u00e9seau Pompes fun\u00e8bres de France.","og_url":"https:\/\/pompesfunebrestoulon.com\/la-valette\/nous-choisir-pompes-funebres-de-france-la-valette-du-var\/","og_site_name":"PF DE FRANCE - LA VALETTE du VAR","article_modified_time":"2022-05-07T15:54:04+00:00","twitter_card":"summary_large_image","twitter_misc":{"Dur\u00e9e de lecture estim\u00e9e":"1 minute"},"schema":{"@context":"https:\/\/schema.org","@graph":[{"@type":"WebPage","@id":"https:\/\/pompesfunebrestoulon.com\/la-valette\/nous-choisir-pompes-funebres-de-france-la-valette-du-var\/","url":"https:\/\/pompesfunebrestoulon.com\/la-valette\/nous-choisir-pompes-funebres-de-france-la-valette-du-var\/","name":"PF DE FRANCE - LA VALETTE - Pourquoi nous choisir ?","isPartOf":{"@id":"https:\/\/pompesfunebrestoulon.com\/la-valette\/#website"},"datePublished":"2022-05-07T15:49:12+00:00","dateModified":"2022-05-07T15:54:04+00:00","description":"Entreprise familialle depuis plus de 40 ann\u00e9es Install\u00e9 dans la commune d'abord sous le nom de Pompes fun\u00e8bres ABC et maintenant dans le r\u00e9seau Pompes fun\u00e8bres de France.","breadcrumb":{"@id":"https:\/\/pompesfunebrestoulon.com\/la-valette\/nous-choisir-pompes-funebres-de-france-la-valette-du-var\/#breadcrumb"},"inLanguage":"fr-FR","potentialAction":[{"@type":"ReadAction","target":["https:\/\/pompesfunebrestoulon.com\/la-valette\/nous-choisir-pompes-funebres-de-france-la-valette-du-var\/"]}]},{"@type":"BreadcrumbList","@id":"https:\/\/pompesfunebrestoulon.com\/la-valette\/nous-choisir-pompes-funebres-de-france-la-valette-du-var\/#breadcrumb","itemListElement":[{"@type":"ListItem","position":1,"name":"Accueil","item":"https:\/\/pompesfunebrestoulon.com\/la-valette\/"},{"@type":"ListItem","position":2,"name":"NOUS CHOISIR"}]},{"@type":"WebSite","@id":"https:\/\/pompesfunebrestoulon.com\/la-valette\/#website","url":"https:\/\/pompesfunebrestoulon.com\/la-valette\/","name":"PF DE FRANCE - LA VALETTE du VAR","description":"Une entreprise familliale depuis 40 ans","publisher":{"@id":"https:\/\/pompesfunebrestoulon.com\/la-valette\/#organization"},"potentialAction":[{"@type":"SearchAction","target":{"@type":"EntryPoint","urlTemplate":"https:\/\/pompesfunebrestoulon.com\/la-valette\/?s={search_term_string}"},"query-input":{"@type":"PropertyValueSpecification","valueRequired":true,"valueName":"search_term_string"}}],"inLanguage":"fr-FR"},{"@type":"Organization","@id":"https:\/\/pompesfunebrestoulon.com\/la-valette\/#organization","name":"PF DE FRANCE - LA VALETTE du VAR","url":"https:\/\/pompesfunebrestoulon.com\/la-valette\/","logo":{"@type":"ImageObject","inLanguage":"fr-FR","@id":"https:\/\/pompesfunebrestoulon.com\/la-valette\/#\/schema\/logo\/image\/","url":"https:\/\/pompesfunebrestoulon.com\/la-valette\/wp-content\/uploads\/sites\/2\/2022\/02\/logo.png","contentUrl":"https:\/\/pompesfunebrestoulon.com\/la-valette\/wp-content\/uploads\/sites\/2\/2022\/02\/logo.png","width":209,"height":207,"caption":"PF DE FRANCE - LA VALETTE du VAR"},"image":{"@id":"https:\/\/pompesfunebrestoulon.com\/la-valette\/#\/schema\/logo\/image\/"}}]}},"_links":{"self":[{"href":"https:\/\/pompesfunebrestoulon.com\/la-valette\/wp-json\/wp\/v2\/pages\/189","targetHints":{"allow":["GET"]}}],"collection":[{"href":"https:\/\/pompesfunebrestoulon.com\/la-valette\/wp-json\/wp\/v2\/pages"}],"about":[{"href":"https:\/\/pompesfunebrestoulon.com\/la-valette\/wp-json\/wp\/v2\/types\/page"}],"author":[{"embeddable":true,"href":"https:\/\/pompesfunebrestoulon.com\/la-valette\/wp-json\/wp\/v2\/users\/1"}],"replies":[{"embeddable":true,"href":"https:\/\/pompesfunebrestoulon.com\/la-valette\/wp-json\/wp\/v2\/comments?post=189"}],"version-history":[{"count":3,"href":"https:\/\/pompesfunebrestoulon.com\/la-valette\/wp-json\/wp\/v2\/pages\/189\/revisions"}],"predecessor-version":[{"id":193,"href":"https:\/\/pompesfunebrestoulon.com\/la-valette\/wp-json\/wp\/v2\/pages\/189\/revisions\/193"}],"wp:attachment":[{"href":"https:\/\/pompesfunebrestoulon.com\/la-valette\/wp-json\/wp\/v2\/media?parent=189"}],"curies":[{"name":"wp","href":"https:\/\/api.w.org\/{rel}","templated":true}]}}